{"id":260,"date":"2023-03-13T10:32:54","date_gmt":"2023-03-13T10:32:54","guid":{"rendered":"https:\/\/beta.belonaconsultors.com\/?page_id=260"},"modified":"2023-03-13T11:03:11","modified_gmt":"2023-03-13T11:03:11","slug":"politica-de-privacidad","status":"publish","type":"page","link":"https:\/\/belonaconsultors.com\/es\/politica-de-privacidad\/","title":{"rendered":"Pol\u00edtica de Privacidad"},"content":{"rendered":"\t\t<div data-elementor-type=\"wp-page\" data-elementor-id=\"260\" class=\"elementor elementor-260\">\n\t\t\t\t\t\t\t\t\t<section class=\"elementor-section elementor-top-section elementor-element elementor-element-b7be50e elementor-section-boxed elementor-section-height-default elementor-section-height-default\" data-id=\"b7be50e\" data-element_type=\"section\">\n\t\t\t\t\t\t<div class=\"elementor-container elementor-column-gap-default\">\n\t\t\t\t\t<div class=\"elementor-column elementor-col-100 elementor-top-column elementor-element elementor-element-fb41a8d\" data-id=\"fb41a8d\" data-element_type=\"column\">\n\t\t\t<div class=\"elementor-widget-wrap elementor-element-populated\">\n\t\t\t\t\t\t\t\t<div class=\"elementor-element elementor-element-4ad461e elementor-widget elementor-widget-heading\" data-id=\"4ad461e\" data-element_type=\"widget\" data-widget_type=\"heading.default\">\n\t\t\t\t<div class=\"elementor-widget-container\">\n\t\t\t<style>\/*! elementor - v3.14.0 - 26-06-2023 *\/\n.elementor-heading-title{padding:0;margin:0;line-height:1}.elementor-widget-heading .elementor-heading-title[class*=elementor-size-]>a{color:inherit;font-size:inherit;line-height:inherit}.elementor-widget-heading .elementor-heading-title.elementor-size-small{font-size:15px}.elementor-widget-heading .elementor-heading-title.elementor-size-medium{font-size:19px}.elementor-widget-heading .elementor-heading-title.elementor-size-large{font-size:29px}.elementor-widget-heading .elementor-heading-title.elementor-size-xl{font-size:39px}.elementor-widget-heading .elementor-heading-title.elementor-size-xxl{font-size:59px}<\/style><h2 class=\"elementor-heading-title elementor-size-default\">Pol\u00edtica de Privacidad<\/h2>\t\t<\/div>\n\t\t\t\t<\/div>\n\t\t\t\t<div class=\"elementor-element elementor-element-d1e3b35 elementor-widget elementor-widget-text-editor\" data-id=\"d1e3b35\" data-element_type=\"widget\" data-widget_type=\"text-editor.default\">\n\t\t\t\t<div class=\"elementor-widget-container\">\n\t\t\t<style>\/*! elementor - v3.14.0 - 26-06-2023 *\/\n.elementor-widget-text-editor.elementor-drop-cap-view-stacked .elementor-drop-cap{background-color:#69727d;color:#fff}.elementor-widget-text-editor.elementor-drop-cap-view-framed .elementor-drop-cap{color:#69727d;border:3px solid;background-color:transparent}.elementor-widget-text-editor:not(.elementor-drop-cap-view-default) .elementor-drop-cap{margin-top:8px}.elementor-widget-text-editor:not(.elementor-drop-cap-view-default) .elementor-drop-cap-letter{width:1em;height:1em}.elementor-widget-text-editor .elementor-drop-cap{float:left;text-align:center;line-height:1;font-size:50px}.elementor-widget-text-editor .elementor-drop-cap-letter{display:inline-block}<\/style>\t\t\t\t<p><strong>1.- \u00bfQui\u00e9n es el Responsable del tratamiento de sus datos?<\/strong><\/p><p>La presente pol\u00edtica de privacidad (en adelante, la \u201cPol\u00edtica de Privacidad\u201d) aplica a todos los datos de car\u00e1cter personal que el usuario aporte a Belona Consultors SLP, con domicilio en Calle Sant Pere, n\u00fam. 19, 08470 Sant Celoni, Barcelona (en adelante \u201cBelona\u201d) a trav\u00e9s de formularios online. Belona es el Responsable del tratamiento de los datos personales del usuario y le informa que estos datos ser\u00e1n tratados de conformidad con lo dispuesto en el Reglamento (UE) 2016\/679 de 27 de abril de 2016 (GDPR).<\/p><p>A los efectos de la presente Pol\u00edtica de Privacidad, debe entenderse como \u201cUsuario\u201d a toda persona f\u00edsica interesada en los productos y servicios que Belona ofrece a trav\u00e9s de sus p\u00e1ginas web. Belona, como responsable del tratamiento, solicitar\u00e1, con car\u00e1cter previo a la aportaci\u00f3n de sus datos de car\u00e1cter personal, el consentimiento expreso del Usuario a la presente Pol\u00edtica de Privacidad, cuando as\u00ed sea necesario y a cualquier otro aspecto que requiera la previa autorizaci\u00f3n del mismo. El objetivo de la Pol\u00edtica de Privacidad de Belona es dar transparencia a la informaci\u00f3n de c\u00f3mo tratamos sus datos y proteger la informaci\u00f3n en Internet y los datos que el usuario pueda introducir en la web.<\/p><p>El Usuario podr\u00e1 ponerse en contacto con el Departamento de Protecci\u00f3n de Datos de Belona a trav\u00e9s de dpd@belonaconsultors.com ante cualquier duda o necesidad que tuviere en materia de protecci\u00f3n de datos.<\/p><p><strong>2.- \u00bfCon qu\u00e9 finalidad tratamos sus datos personales?<\/strong><\/p><p>Por la presente se informa al Usuario de que Belona podr\u00e1 tratar los datos de car\u00e1cter personal que el Usuario facilite a trav\u00e9s de los formularios online de Belona, para las finalidades que se indican a continuaci\u00f3n, en la medida en que exista una base legal para cada tratamiento seg\u00fan se explica m\u00e1s adelante:<\/p><p><strong>(a)<\/strong> Informar al Usuario por cualquier medio, incluyendo el env\u00edo de comunicaciones comerciales a la direcci\u00f3n de correo electr\u00f3nico que el Usuario en su caso facilite, de productos y servicios de Belona.<br \/><strong>(b)<\/strong> Realizar actividades promocionales acerca de otros productos y servicios de Belona incluyendo el env\u00edo de comunicaciones comerciales a la direcci\u00f3n de correo electr\u00f3nico que el Usuario en su caso facilite.<br \/><strong>(c)<\/strong> Realizar actividades promocionales, incluyendo el env\u00edo de comunicaciones comerciales a la direcci\u00f3n de correo electr\u00f3nico que el Usuario facilite por parte de Belona, de productos o servicios de terceras empresas colaboradoras de Belona de los siguientes sectores: formaci\u00f3n, Prevenci\u00f3n de Riesgos Laborales, Auditor\u00edas de Cuentas y servicios inform\u00e1ticos. Todo ello, siempre y cuando solicitemos al Usuario su consentimiento para ello y \u00e9ste nos lo otorgue.<\/p><p><strong>3.- \u00bfCu\u00e1l es la legitimaci\u00f3n para el tratamiento de sus datos personales?<\/strong><\/p><p><span style=\"font-style: inherit; font-weight: inherit; background-color: var(--ast-global-color-5);\">La base legal para el tratamiento de los datos para la finalidad (a) y (b) es la ejecuci\u00f3n del contrato de prestaci\u00f3n de servicios y de los productos correspondientes.<\/span><\/p><p>La base legal para el tratamiento de los datos para la finalidad (b) ser\u00e1 tanto el consentimiento del Usuario, en caso de que se haya solicitado y otorgado, como el inter\u00e9s leg\u00edtimo de Belona en poner en su conocimiento productos o servicios similares a los que haya adquirido previamente.<\/p><p>La base legal para el tratamiento de los datos para las finalidades (c) es el consentimiento que se hubiera podido solicitar al Usuario, sin que en ning\u00fan caso la retirada del mismo condicione la ejecuci\u00f3n del contrato de prestaci\u00f3n de servicios. Los datos personales del Usuario no se tratar\u00e1n para estas finalidades en caso de que Belona no hubiese solicitado su consentimiento.<\/p><p>El Usuario conoce y acepta que la no cumplimentaci\u00f3n de ciertos datos de car\u00e1cter personal impedir\u00e1 a Belona prestar todos aquellos servicios vinculados a tales datos. En ning\u00fan caso Belona ceder\u00e1, explotar\u00e1 estos datos o los destinar\u00e1 a un uso distinto del aqu\u00ed indicado expresamente. Durante el proceso de registro, el Usuario ser\u00e1 informado del car\u00e1cter no obligatorio de la recogida de algunos de los datos para la prestaci\u00f3n de los servicios de Belona.<\/p><p><strong>4.- \u00bfPor cu\u00e1nto tiempo conservamos sus datos personales?<\/strong><\/p><p>Belona conservar\u00e1 los datos de sus clientes mientras dure su relaci\u00f3n contractual y posteriormente a la misma, se conservaran los datos para acciones promocionales durante un plazo de dos a\u00f1os, para otro tipo de usuarios los datos se mantendr\u00e1n igualmente durante un per\u00edodo de dos a\u00f1os, (salvo, en ambos casos, que el tratamiento se basase en el consentimiento del Usuario y \u00e9ste lo revocase, en cuyo caso se conservar\u00e1n hasta que se reciba tal revocaci\u00f3n) por lo tanto, los datos no se conservar\u00e1n m\u00e1s tiempo del necesario para los fines descritos anteriormente, sin perjuicio de la conservaci\u00f3n que resultase necesaria para la formulaci\u00f3n, el ejercicio o la defensa de potenciales reclamaciones y\/o siempre que lo permitiese la legislaci\u00f3n aplicable.<\/p><p><strong>5.- \u00bfQui\u00e9n tiene acceso a sus datos personales?<\/strong><\/p><p>Una \u00f3ptima prestaci\u00f3n del servicio que Belona ofrece a trav\u00e9s de su p\u00e1gina web puede requerir que otros terceros prestadores de servicios de Belona accedan a los datos personales del Usuario como encargados del tratamiento.<br \/>Adem\u00e1s de lo anterior, Belona podr\u00e1 realizar cesiones o comunicaciones de datos personales para atender sus obligaciones con las Administraciones P\u00fablicas en los casos que as\u00ed se requiera de acuerdo con la legislaci\u00f3n vigente en cada momento y en su caso, igualmente a otros \u00f3rganos como Fuerzas y Cuerpos de Seguridad del Estado y a los \u00f3rganos Judiciales.<\/p><p><strong>6.- \u00bfCu\u00e1les son los derechos de los usuarios?<\/strong><\/p><p>Belona informa al Usuario sobre la posibilidad que le asiste de ejercitar los derechos de acceso, rectificaci\u00f3n, oposici\u00f3n, supresi\u00f3n, portabilidad y limitaci\u00f3n del tratamiento as\u00ed como a rechazar el tratamiento automatizado de los datos personales recogidos por Belona.<br \/>Dichos derechos podr\u00e1n ser ejercitados gratuitamente por el Usuario, y en su caso quien lo represente, mediante solicitud escrita y firmada dirigida a la siguiente direcci\u00f3n: Calle Sant Pere, n\u00fam. 19, 08470, Sant Celoni, Barcelona. Dicha solicitud deber\u00e1 contener en el asunto la referencia \u201cProtecci\u00f3n de datos\/[Belona]\u201d y deber\u00e1 incluir los siguientes datos: nombre y apellidos del Usuario, domicilio a efectos de notificaciones, fotocopia del Documento Nacional de Identidad o Pasaporte, y petici\u00f3n en que se concreta la solicitud. En el caso de representaci\u00f3n, deber\u00e1 probarse la misma mediante documento fehaciente. Asimismo, el Usuario podr\u00e1 ejercitar los mencionados derechos a trav\u00e9s del correo electr\u00f3nico dpd@belonaconsultors.com<\/p><p>Adem\u00e1s de los anteriores derechos, el Usuario tendr\u00e1 derecho a retirar el consentimiento otorgado en cualquier momento mediante el procedimiento m\u00e1s arriba descrito, sin que dicha retirada de consentimiento afecte a la licitud del tratamiento anterior a la retirada del mismo. Belona podr\u00e1 continuar tratando los datos del Usuario en la medida en que la ley aplicable lo permita.<br \/>Asimismo, cuando el tratamiento de los datos personales del Usuario para la finalidad (a) se basase en el inter\u00e9s leg\u00edtimo, el Usuario podr\u00e1 oponerse al mismo.<\/p><p>Belona recuerda al Usuario que tiene derecho a presentar una reclamaci\u00f3n ante la autoridad de control pertinente.<\/p><p><strong>7.- Baja en el servicio del env\u00edo de comunicaciones comerciales.<\/strong><\/p><p>Tal y como se ha mencionado en el apartado anterior, el Usuario tiene derecho a revocar en cualquier momento el consentimiento prestado para el env\u00edo de comunicaciones comerciales con la simple notificaci\u00f3n a Belona por la cual informa que no desea seguir recibiendo comunicaciones comerciales. Para ello, el Usuario podr\u00e1 o bien revocar su consentimiento en la forma descrita en el apartado anterior o bien pinchar en el enlace incluido en cada comunicaci\u00f3n comercial cancelando por tanto, el env\u00edo de comunicaciones comerciales electr\u00f3nicas.<\/p><p><strong>8.- \u00bfA partir de qu\u00e9 edad puede el Usuario acceder a nuestros productos y servicios?<\/strong><\/p><p>La web de Belona no se dirige a menores de 18 a\u00f1os. Al aceptar la presente Pol\u00edtica de Privacidad el Usuario declara y garantiza que es mayor de 18 a\u00f1os.<\/p><p><strong>9.- \u00bfQu\u00e9 medidas de seguridad tenemos implementadas?<\/strong><\/p><p>Belona se compromete al cumplimiento de su obligaci\u00f3n de secreto de los datos de car\u00e1cter personal y de su deber de guardarlos, y adoptar\u00e1 las medidas necesarias para evitar su alteraci\u00f3n, p\u00e9rdida, tratamiento o acceso no autorizado, de acuerdo con lo establecido por normativa aplicable.<\/p><p>Belona tiene implantadas las medidas de seguridad de \u00edndole t\u00e9cnica y organizativas necesarias para garantizar la seguridad de sus datos de car\u00e1cter personal y evitar su alteraci\u00f3n, p\u00e9rdida y tratamiento y\/o acceso no autorizado, habida cuenta del estado de la tecnolog\u00eda, la naturaleza de los datos almacenados y los riesgos a que est\u00e1n expuestos, ya provengan de la acci\u00f3n humana o del medio f\u00edsico o natural, de acuerdo a lo establecido por la normativa aplicable.<\/p><p>Belona entidad preocupada por la privacidad, en orden a reforzar la confidencialidad e integridad de la informaci\u00f3n en su organizaci\u00f3n, mantiene continuamente la supervisi\u00f3n, control y evaluaci\u00f3n de sus procesos para asegurar el respeto a la privacidad y seguridad de la informaci\u00f3n, seg\u00fan los est\u00e1ndares internacionales.<\/p><p><strong>10.- Uso de cookies.<\/strong><\/p><p><span style=\"font-style: inherit; font-weight: inherit; background-color: var(--ast-global-color-5);\">Nuestra p\u00e1gina web utiliza cookies para distinguirle a usted de los dem\u00e1s usuarios de nuestro sitio web, lo que nos ayuda a proporcionarle una buena experiencia cuando navega por nuestro sitio web y nos permite asimismo mejorarlo. Puede obtener m\u00e1s informaci\u00f3n sobre el uso de cookies en la Pol\u00edtica de Cookies.<\/span><\/p><p><strong><span style=\"font-style: inherit; background-color: var(--ast-global-color-5);\">11.- Links.<\/span><\/strong><\/p><p><span style=\"background-color: var(--ast-global-color-5); font-style: inherit; font-weight: inherit;\">La p\u00e1gina web de Belona puede incluir hiperv\u00ednculos a otros sitios que no son operados o controlados por Belona. Por ello, Belona no garantiza, ni se hace responsable de la licitud, fiabilidad, utilidad, veracidad y actualidad de los contenidos de tales sitios web o de sus pr\u00e1cticas de privacidad. Por favor antes de proporcionar su informaci\u00f3n personal a estos sitios web ajenos a Belona, tenga en cuenta que su cumplimiento en materia de protecci\u00f3n de datos puede diferir del nuestro.<\/span><\/p><p><strong><span style=\"font-style: inherit; background-color: var(--ast-global-color-5);\">12.- Modificaci\u00f3n de la Pol\u00edtica de Privacidad.<\/span><\/strong><\/p><p><span style=\"font-style: inherit; font-weight: inherit; background-color: var(--ast-global-color-5);\">Belona podr\u00e1 modificar su Pol\u00edtica de Privacidad de acuerdo con la legislaci\u00f3n aplicable en cada momento. En todo caso, cualquier modificaci\u00f3n de la Pol\u00edtica de Privacidad le ser\u00e1 debidamente notificada al Usuario para que, quede informado de los cambios realizados en el tratamiento de sus datos personales y, en caso de que la normativa aplicable as\u00ed lo exija, el Usuario pueda otorgar su consentimiento.<\/span><\/p>\t\t\t\t\t\t<\/div>\n\t\t\t\t<\/div>\n\t\t\t\t\t<\/div>\n\t\t<\/div>\n\t\t\t\t\t\t\t<\/div>\n\t\t<\/section>\n\t\t\t\t\t\t\t<\/div>\n\t\t","protected":false},"excerpt":{"rendered":"<p>Pol\u00edtica de Privacidad 1.- \u00bfQui\u00e9n es el Responsable del tratamiento de sus datos? La presente pol\u00edtica de privacidad (en adelante, la \u201cPol\u00edtica de Privacidad\u201d) aplica a todos los datos de car\u00e1cter personal que el usuario aporte a Belona Consultors SLP, con domicilio en Calle Sant Pere, n\u00fam. 19, 08470 Sant Celoni, Barcelona (en adelante \u201cBelona\u201d) &hellip;<\/p>\n<p class=\"read-more\"> <a class=\"\" href=\"https:\/\/belonaconsultors.com\/es\/politica-de-privacidad\/\"> <span class=\"screen-reader-text\">Pol\u00edtica de Privacidad<\/span> Leer m\u00e1s &raquo;<\/a><\/p>\n","protected":false},"author":1,"featured_media":0,"parent":0,"menu_order":0,"comment_status":"closed","ping_status":"closed","template":"","meta":{"site-sidebar-layout":"no-sidebar","site-content-layout":"page-builder","ast-global-header-display":"","ast-main-header-display":"","ast-hfb-above-header-display":"","ast-hfb-below-header-display":"","ast-hfb-mobile-header-display":"","site-post-title":"disabled","ast-breadcrumbs-content":"","ast-featured-img":"disabled","footer-sml-layout":"","theme-transparent-header-meta":"","adv-header-id-meta":"","stick-header-meta":"","header-above-stick-meta":"","header-main-stick-meta":"","header-below-stick-meta":"","footnotes":""},"class_list":["post-260","page","type-page","status-publish","hentry"],"yoast_head":"<!-- This site is optimized with the Yoast SEO plugin v20.12 - https:\/\/yoast.com\/wordpress\/plugins\/seo\/ -->\n<title>Belona Consultors - Pol\u00edtica de Privacidad<\/title>\n<meta name=\"robots\" content=\"noindex, nofollow\" \/>\n<meta property=\"og:locale\" content=\"es_ES\" \/>\n<meta property=\"og:type\" content=\"article\" \/>\n<meta property=\"og:title\" content=\"Belona Consultors - Pol\u00edtica de Privacidad\" \/>\n<meta property=\"og:description\" content=\"Pol\u00edtica de Privacidad 1.- \u00bfQui\u00e9n es el Responsable del tratamiento de sus datos? La presente pol\u00edtica de privacidad (en adelante, la \u201cPol\u00edtica de Privacidad\u201d) aplica a todos los datos de car\u00e1cter personal que el usuario aporte a Belona Consultors SLP, con domicilio en Calle Sant Pere, n\u00fam. 19, 08470 Sant Celoni, Barcelona (en adelante \u201cBelona\u201d) &hellip; Pol\u00edtica de Privacidad Leer m\u00e1s &raquo;\" \/>\n<meta property=\"og:url\" content=\"https:\/\/belonaconsultors.com\/es\/politica-de-privacidad\/\" \/>\n<meta property=\"og:site_name\" content=\"Belona Consultors\" \/>\n<meta property=\"article:modified_time\" content=\"2023-03-13T11:03:11+00:00\" \/>\n<meta name=\"twitter:card\" content=\"summary_large_image\" \/>\n<meta name=\"twitter:label1\" content=\"Tiempo de lectura\" \/>\n\t<meta name=\"twitter:data1\" content=\"8 minutos\" \/>\n<script type=\"application\/ld+json\" class=\"yoast-schema-graph\">{\"@context\":\"https:\/\/schema.org\",\"@graph\":[{\"@type\":\"WebPage\",\"@id\":\"https:\/\/belonaconsultors.com\/es\/politica-de-privacidad\/\",\"url\":\"https:\/\/belonaconsultors.com\/es\/politica-de-privacidad\/\",\"name\":\"Belona Consultors - Pol\u00edtica de Privacidad\",\"isPartOf\":{\"@id\":\"https:\/\/belonaconsultors.com\/ca\/#website\"},\"datePublished\":\"2023-03-13T10:32:54+00:00\",\"dateModified\":\"2023-03-13T11:03:11+00:00\",\"breadcrumb\":{\"@id\":\"https:\/\/belonaconsultors.com\/es\/politica-de-privacidad\/#breadcrumb\"},\"inLanguage\":\"es\",\"potentialAction\":[{\"@type\":\"ReadAction\",\"target\":[\"https:\/\/belonaconsultors.com\/es\/politica-de-privacidad\/\"]}]},{\"@type\":\"BreadcrumbList\",\"@id\":\"https:\/\/belonaconsultors.com\/es\/politica-de-privacidad\/#breadcrumb\",\"itemListElement\":[{\"@type\":\"ListItem\",\"position\":1,\"name\":\"Portada\",\"item\":\"https:\/\/belonaconsultors.com\/es\/\"},{\"@type\":\"ListItem\",\"position\":2,\"name\":\"Pol\u00edtica de Privacidad\"}]},{\"@type\":\"WebSite\",\"@id\":\"https:\/\/belonaconsultors.com\/ca\/#website\",\"url\":\"https:\/\/belonaconsultors.com\/ca\/\",\"name\":\"Belona Consultors\",\"description\":\"Otro sitio realizado con WordPress\",\"publisher\":{\"@id\":\"https:\/\/belonaconsultors.com\/ca\/#organization\"},\"potentialAction\":[{\"@type\":\"SearchAction\",\"target\":{\"@type\":\"EntryPoint\",\"urlTemplate\":\"https:\/\/belonaconsultors.com\/ca\/?s={search_term_string}\"},\"query-input\":\"required name=search_term_string\"}],\"inLanguage\":\"es\"},{\"@type\":\"Organization\",\"@id\":\"https:\/\/belonaconsultors.com\/ca\/#organization\",\"name\":\"Belona Consultors\",\"url\":\"https:\/\/belonaconsultors.com\/ca\/\",\"logo\":{\"@type\":\"ImageObject\",\"inLanguage\":\"es\",\"@id\":\"https:\/\/belonaconsultors.com\/ca\/#\/schema\/logo\/image\/\",\"url\":\"https:\/\/belonaconsultors.com\/wp-content\/uploads\/2023\/01\/Logo-Belona-Consultors.png\",\"contentUrl\":\"https:\/\/belonaconsultors.com\/wp-content\/uploads\/2023\/01\/Logo-Belona-Consultors.png\",\"width\":800,\"height\":350,\"caption\":\"Belona Consultors\"},\"image\":{\"@id\":\"https:\/\/belonaconsultors.com\/ca\/#\/schema\/logo\/image\/\"}}]}<\/script>\n<!-- \/ Yoast SEO plugin. -->","yoast_head_json":{"title":"Belona Consultors - Pol\u00edtica de Privacidad","robots":{"index":"noindex","follow":"nofollow"},"og_locale":"es_ES","og_type":"article","og_title":"Belona Consultors - Pol\u00edtica de Privacidad","og_description":"Pol\u00edtica de Privacidad 1.- \u00bfQui\u00e9n es el Responsable del tratamiento de sus datos? La presente pol\u00edtica de privacidad (en adelante, la \u201cPol\u00edtica de Privacidad\u201d) aplica a todos los datos de car\u00e1cter personal que el usuario aporte a Belona Consultors SLP, con domicilio en Calle Sant Pere, n\u00fam. 19, 08470 Sant Celoni, Barcelona (en adelante \u201cBelona\u201d) &hellip; Pol\u00edtica de Privacidad Leer m\u00e1s &raquo;","og_url":"https:\/\/belonaconsultors.com\/es\/politica-de-privacidad\/","og_site_name":"Belona Consultors","article_modified_time":"2023-03-13T11:03:11+00:00","twitter_card":"summary_large_image","twitter_misc":{"Tiempo de lectura":"8 minutos"},"schema":{"@context":"https:\/\/schema.org","@graph":[{"@type":"WebPage","@id":"https:\/\/belonaconsultors.com\/es\/politica-de-privacidad\/","url":"https:\/\/belonaconsultors.com\/es\/politica-de-privacidad\/","name":"Belona Consultors - Pol\u00edtica de Privacidad","isPartOf":{"@id":"https:\/\/belonaconsultors.com\/ca\/#website"},"datePublished":"2023-03-13T10:32:54+00:00","dateModified":"2023-03-13T11:03:11+00:00","breadcrumb":{"@id":"https:\/\/belonaconsultors.com\/es\/politica-de-privacidad\/#breadcrumb"},"inLanguage":"es","potentialAction":[{"@type":"ReadAction","target":["https:\/\/belonaconsultors.com\/es\/politica-de-privacidad\/"]}]},{"@type":"BreadcrumbList","@id":"https:\/\/belonaconsultors.com\/es\/politica-de-privacidad\/#breadcrumb","itemListElement":[{"@type":"ListItem","position":1,"name":"Portada","item":"https:\/\/belonaconsultors.com\/es\/"},{"@type":"ListItem","position":2,"name":"Pol\u00edtica de Privacidad"}]},{"@type":"WebSite","@id":"https:\/\/belonaconsultors.com\/ca\/#website","url":"https:\/\/belonaconsultors.com\/ca\/","name":"Belona Consultors","description":"Otro sitio realizado con WordPress","publisher":{"@id":"https:\/\/belonaconsultors.com\/ca\/#organization"},"potentialAction":[{"@type":"SearchAction","target":{"@type":"EntryPoint","urlTemplate":"https:\/\/belonaconsultors.com\/ca\/?s={search_term_string}"},"query-input":"required name=search_term_string"}],"inLanguage":"es"},{"@type":"Organization","@id":"https:\/\/belonaconsultors.com\/ca\/#organization","name":"Belona Consultors","url":"https:\/\/belonaconsultors.com\/ca\/","logo":{"@type":"ImageObject","inLanguage":"es","@id":"https:\/\/belonaconsultors.com\/ca\/#\/schema\/logo\/image\/","url":"https:\/\/belonaconsultors.com\/wp-content\/uploads\/2023\/01\/Logo-Belona-Consultors.png","contentUrl":"https:\/\/belonaconsultors.com\/wp-content\/uploads\/2023\/01\/Logo-Belona-Consultors.png","width":800,"height":350,"caption":"Belona Consultors"},"image":{"@id":"https:\/\/belonaconsultors.com\/ca\/#\/schema\/logo\/image\/"}}]}},"_links":{"self":[{"href":"https:\/\/belonaconsultors.com\/es\/wp-json\/wp\/v2\/pages\/260","targetHints":{"allow":["GET"]}}],"collection":[{"href":"https:\/\/belonaconsultors.com\/es\/wp-json\/wp\/v2\/pages"}],"about":[{"href":"https:\/\/belonaconsultors.com\/es\/wp-json\/wp\/v2\/types\/page"}],"author":[{"embeddable":true,"href":"https:\/\/belonaconsultors.com\/es\/wp-json\/wp\/v2\/users\/1"}],"replies":[{"embeddable":true,"href":"https:\/\/belonaconsultors.com\/es\/wp-json\/wp\/v2\/comments?post=260"}],"version-history":[{"count":5,"href":"https:\/\/belonaconsultors.com\/es\/wp-json\/wp\/v2\/pages\/260\/revisions"}],"predecessor-version":[{"id":279,"href":"https:\/\/belonaconsultors.com\/es\/wp-json\/wp\/v2\/pages\/260\/revisions\/279"}],"wp:attachment":[{"href":"https:\/\/belonaconsultors.com\/es\/wp-json\/wp\/v2\/media?parent=260"}],"curies":[{"name":"wp","href":"https:\/\/api.w.org\/{rel}","templated":true}]}}